{"id":28158,"date":"2026-03-15T23:28:46","date_gmt":"2026-03-15T22:28:46","guid":{"rendered":"https:\/\/promsandweddings.se\/?post_type=product&#038;p=28158"},"modified":"2026-03-15T23:33:40","modified_gmt":"2026-03-15T22:33:40","slug":"st-patrick-regina-brudklanning","status":"publish","type":"product","link":"https:\/\/promsandweddings.se\/dk\/produkt\/st-patrick-regina-brudklanning\/","title":{"rendered":"St. Patrick Regina brudekjole"},"content":{"rendered":"<div class=\"flex basis-auto flex-col -mb-(--composer-overlap-px) [--composer-overlap-px:24px] grow overflow-hidden\">\n<div class=\"relative h-full\">\n<div class=\"flex h-full flex-col overflow-y-auto [scrollbar-gutter:stable_both-edges] @[84rem]\/thread:pt-(--header-height)\">\n<div class=\"@thread-xl\/thread:pt-header-height mt-1.5 flex flex-col text-sm pb-25\">\n<article class=\"text-token-text-primary w-full\" dir=\"auto\" data-testid=\"conversation-turn-86\" data-scroll-anchor=\"true\">\n<div class=\"text-base my-auto mx-auto py-5 [--thread-content-margin:--spacing(4)] @[37rem]:[--thread-content-margin:--spacing(6)] @[72rem]:[--thread-content-margin:--spacing(16)] px-(--thread-content-margin)\">\n<div class=\"[--thread-content-max-width:32rem] @[34rem]:[--thread-content-max-width:40rem] @[64rem]:[--thread-content-max-width:48rem] mx-auto flex max-w-(--thread-content-max-width) flex-1 text-base gap-4 md:gap-5 lg:gap-6 group\/turn-messages focus-visible:outline-hidden\" tabindex=\"-1\">\n<div class=\"group\/conversation-turn relative flex w-full min-w-0 flex-col agent-turn\">\n<div class=\"relative flex-col gap-1 md:gap-3\">\n<div class=\"flex max-w-full flex-col grow\">\n<div class=\"min-h-8 text-message relative flex w-full flex-col items-end gap-2 text-start break-words whitespace-normal [.text-message+&amp;]:mt-5\" dir=\"auto\" data-message-author-role=\"assistant\" data-message-id=\"0db12e0d-ef10-410f-9b93-9a18c21d95bb\" data-message-model-slug=\"gpt-4o\">\n<div class=\"flex w-full flex-col gap-1 empty:hidden first:pt-[3px]\">\n<div class=\"markdown prose dark:prose-invert w-full break-words light\">\n<p data-start=\"114\" data-end=\"168\"><strong data-start=\"114\" data-end=\"168\">Regina \u2013 Dramatisk br\u00f6llopskl\u00e4nning fr\u00e5n Pronovias<\/strong><\/p>\n<p data-start=\"170\" data-end=\"521\">L\u00e5t dr\u00f6mmen bli verklighet i <strong data-start=\"199\" data-end=\"209\">Regina<\/strong>, en ikonisk br\u00f6llopskl\u00e4nning fr\u00e5n <i>St. Patrick<\/i>\u00a0som f\u00f6renar romantik och haute couture. Kl\u00e4nningen \u00e4r skapad i exklusiv mikado med en axelbandsl\u00f6s \u00f6verdel prydd av volumin\u00f6sa volanger som elegant ramar in axlarna. Den vida A-linjekjolen med svepande sl\u00e4p ger en majest\u00e4tisk siluett \u2013 perfekt f\u00f6r en sagolik entr\u00e9.<\/p>\n<p data-start=\"523\" data-end=\"685\">De dramatiska, avtagbara volang\u00e4rmarna tillf\u00f6r b\u00e5de r\u00f6relse och glamour, vilket g\u00f6r Regina till ett perfekt val f\u00f6r bruden som vill g\u00f6ra ett of\u00f6rgl\u00f6mligt intryck.<\/p>\n<p data-start=\"687\" data-end=\"700\"><strong data-start=\"687\" data-end=\"700\">Detaljer:<\/strong><\/p>\n<ul data-start=\"701\" data-end=\"882\">\n<li data-start=\"701\" data-end=\"724\">\n<p data-start=\"703\" data-end=\"724\">Designer: St. Patrick<\/p>\n<\/li>\n<li data-start=\"725\" data-end=\"743\">\n<p data-start=\"727\" data-end=\"743\">Modell: Regina<\/p>\n<\/li>\n<li data-start=\"744\" data-end=\"764\">\n<p data-start=\"746\" data-end=\"764\">Material: Mikado<\/p>\n<\/li>\n<li data-start=\"765\" data-end=\"794\">\n<p data-start=\"767\" data-end=\"794\">Siluett: A-linje med sl\u00e4p<\/p>\n<\/li>\n<li data-start=\"795\" data-end=\"835\">\n<p data-start=\"797\" data-end=\"835\">Liv: Off-shoulder med volangdetaljer<\/p>\n<\/li>\n<li data-start=\"836\" data-end=\"866\">\n<p data-start=\"838\" data-end=\"866\">\u00c4rmar: Avtagbara puff\u00e4rmar<\/p>\n<\/li>\n<li data-start=\"867\" data-end=\"882\">\n<p data-start=\"869\" data-end=\"882\">F\u00e4rg: Ivory<\/p>\n<\/li>\n<\/ul>\n<\/div>\n<\/div>\n<\/div>\n<\/div>\n<div class=\"flex justify-start\">\n<div class=\"touch:-me-2 touch:-ms-3.5 -ms-2.5 -me-1 flex items-center p-1 select-none -mt-1 duration-[1.5s] focus-within:transition-none hover:transition-none pointer-events-none [mask-image:linear-gradient(to_right,black_33%,transparent_66%)] [mask-size:300%_100%] [mask-position:100%_0%] motion-safe:transition-[mask-position] group-hover\/turn-messages:pointer-events-auto group-hover\/turn-messages:[mask-position:0_0] group-focus-within\/turn-messages:pointer-events-auto group-focus-within\/turn-messages:[mask-position:0_0] has-data-[state=open]:pointer-events-auto has-data-[state=open]:[mask-position:0_0]\">\n<div class=\"flex items-center pb-0\">\n<div class=\"flex basis-auto flex-col -mb-(--composer-overlap-px) [--composer-overlap-px:24px] grow overflow-hidden\">\n<div class=\"relative h-full\">\n<div class=\"flex h-full flex-col overflow-y-auto [scrollbar-gutter:stable_both-edges] @[84rem]\/thread:pt-(--header-height)\">\n<div class=\"@thread-xl\/thread:pt-header-height mt-1.5 flex flex-col text-sm pb-25\">\n<div><\/div>\n<\/div>\n<\/div>\n<\/div>\n<\/div>\n<div id=\"thread-bottom-container\" class=\"isolate z-3 w-full basis-auto has-data-has-thread-error:pt-2 has-data-has-thread-error:[box-shadow:var(--sharp-edge-bottom-shadow)] md:border-transparent md:pt-0 dark:border-white\/20 md:dark:border-transparent flex flex-col\">\n<div id=\"thread-bottom\">\n<div class=\"text-base mx-auto [--thread-content-margin:--spacing(4)] @[37rem]:[--thread-content-margin:--spacing(6)] @[72rem]:[--thread-content-margin:--spacing(16)] px-(--thread-content-margin)\">\n<div class=\"[--thread-content-max-width:32rem] @[34rem]:[--thread-content-max-width:40rem] @[64rem]:[--thread-content-max-width:48rem] mx-auto flex max-w-(--thread-content-max-width) flex-1 text-base gap-4 md:gap-5 lg:gap-6\">\n<div class=\"flex justify-center empty:hidden\"><\/div>\n<div class=\"max-xs:[--force-hide-label:none] relative z-1 flex h-full max-w-full flex-1 flex-col\" aria-haspopup=\"dialog\" aria-expanded=\"false\" aria-controls=\"radix-\u00abrfh\u00bb\" data-state=\"closed\">\n<div class=\"absolute start-0 end-0 bottom-full z-20\"><\/div>\n<form class=\"w-full [view-transition-name:var(--vt-composer)]\" data-type=\"unified-composer\">\n<div class=\"flex w-full cursor-text flex-col items-center justify-center rounded-[28px] bg-clip-padding contain-inline-size overflow-clip shadow-short bg-token-bg-primary dark:bg-[#303030]\">\n<div class=\"relative flex w-full items-end px-3 py-3\">\n<div class=\"relative flex w-full flex-auto flex-col\">\n<div class=\"relative ms-1.5 grid grid-cols-[auto_minmax(0,1fr)]\">\n<div class=\"items-top flex justify-center\">\n<div><\/div>\n<\/div>\n<div class=\"relative flex-auto bg-transparent pt-0.5\">\n<div class=\"flex flex-col justify-start\">\n<div class=\"flex min-h-12 items-start\">\n<div class=\"max-w-full min-w-0 flex-1\">\n<div class=\"_prosemirror-parent_kfgfu_2 text-token-text-primary max-h-[25dvh] max-h-52 -mx-3 px-3 overflow-auto [scrollbar-width:thin] default-browser vertical-scroll-fade-mask min-h-12 pe-3\">\n<p>&nbsp;<\/p>\n<div id=\"prompt-textarea\" class=\"ProseMirror\" contenteditable=\"true\" translate=\"no\" data-virtualkeyboard=\"true\"><\/div>\n<\/div>\n<\/div>\n<\/div>\n<\/div>\n<\/div>\n<\/div>\n<div class=\"justify-content-end relative ms-2 flex w-full flex-auto flex-col\">\n<div class=\"flex-auto\"><\/div>\n<\/div>\n<div><\/div>\n<\/div>\n<\/div>\n<\/div>\n<\/form>\n<\/div>\n<\/div>\n<\/div>\n<\/div>\n<\/div>\n<\/div>\n<\/div>\n<\/div>\n<div class=\"mt-3 w-full empty:hidden\">\n<div class=\"text-center\"><\/div>\n<\/div>\n<\/div>\n<\/div>\n<\/div>\n<\/div>\n<\/article>\n<div class=\"pointer-events-none h-px w-px\" aria-hidden=\"true\" data-edge=\"true\"><\/div>\n<div><\/div>\n<div><\/div>\n<\/div>\n<\/div>\n<\/div>\n<\/div>\n<div id=\"thread-bottom-container\" class=\"isolate z-3 w-full basis-auto has-data-has-thread-error:pt-2 has-data-has-thread-error:[box-shadow:var(--sharp-edge-bottom-shadow)] md:border-transparent md:pt-0 dark:border-white\/20 md:dark:border-transparent flex flex-col\">\n<div id=\"thread-bottom\">\n<div class=\"text-base mx-auto [--thread-content-margin:--spacing(4)] @[37rem]:[--thread-content-margin:--spacing(6)] @[72rem]:[--thread-content-margin:--spacing(16)] px-(--thread-content-margin)\">\n<div class=\"[--thread-content-max-width:32rem] @[34rem]:[--thread-content-max-width:40rem] @[64rem]:[--thread-content-max-width:48rem] mx-auto flex max-w-(--thread-content-max-width) flex-1 text-base gap-4 md:gap-5 lg:gap-6\">\n<div class=\"flex justify-center empty:hidden\"><\/div>\n<div class=\"max-xs:[--force-hide-label:none] relative z-1 flex h-full max-w-full flex-1 flex-col\" aria-haspopup=\"dialog\" aria-expanded=\"false\" aria-controls=\"radix-\u00abrfh\u00bb\" data-state=\"closed\">\n<div class=\"absolute start-0 end-0 bottom-full z-20\"><\/div>\n<form class=\"w-full [view-transition-name:var(--vt-composer)]\" data-type=\"unified-composer\">\n<div class=\"flex w-full cursor-text flex-col items-center justify-center rounded-[28px] bg-clip-padding contain-inline-size overflow-clip shadow-short bg-token-bg-primary dark:bg-[#303030]\">\n<div class=\"relative flex w-full items-end px-3 py-3\">\n<div class=\"relative flex w-full flex-auto flex-col\">\n<div class=\"relative ms-1.5 grid grid-cols-[auto_minmax(0,1fr)]\">\n<div class=\"items-top flex justify-center\">\n<div><\/div>\n<\/div>\n<\/div>\n<\/div>\n<\/div>\n<\/div>\n<\/form>\n<\/div>\n<\/div>\n<\/div>\n<\/div>\n<\/div>\n<p>&nbsp;<\/p>\n<p>&nbsp;<\/p>\n","protected":false},"excerpt":{"rendered":"<p><strong data-start=\"473\" data-end=\"483\">Regina<\/strong>\u00a0er en bryllupskjole fra kollektionen\u00a0<em data-start=\"523\" data-end=\"546\">St. Patrick 2023\/2027<\/em>\u00a0fra\u00a0<strong data-start=\"552\" data-end=\"593\" data-is-only-node=\"\"><span class=\"hover:entity-accent entity-underline inline cursor-pointer align-baseline\"><span class=\"whitespace-normal\">St. Patrick<\/span><\/span><\/strong>.<br data-start=\"594\" data-end=\"597\" \/>En klassisk och majest\u00e4tisk br\u00f6llopskl\u00e4nning med elegant silhuett och tidl\u00f6sa detaljer som ger ett exklusivt, kungligt uttryck. Regina k\u00e4nns st\u00e5tlig men balanserad \u2013 f\u00f6r bruden som vill b\u00e4ra tradition med modern grace.<br data-start=\"807\" data-end=\"810\" \/><br data-start=\"892\" data-end=\"895\" \/><em data-start=\"895\" data-end=\"952\" data-is-last-node=\"\">(Kontakt os for sp\u00f8rgsm\u00e5l vedr\u00f8rende priser, booking osv.)<\/em><\/p>\n<div class=\"product attribute overview\">\n<div class=\"product attribute overview\">\n<p class=\"value\">\n<\/div>\n<h2 class=\"value\"><\/h2>\n<\/div>\n<p>&nbsp;<\/p>","protected":false},"featured_media":28267,"template":"","meta":[],"pwb-brand":[],"product_brand":[],"product_cat":[16,28],"product_tag":[167,25,22],"class_list":{"0":"post-28158","1":"product","2":"type-product","3":"status-publish","4":"has-post-thumbnail","6":"product_cat-klanningar","7":"product_cat-st-patrick","8":"product_tag-brollop","9":"product_tag-brollopsklanning","10":"product_tag-brudklanning","12":"first","13":"instock","14":"sale","15":"shipping-taxable","16":"purchasable","17":"product-type-simple"},"yoast_head":"<!-- This site is optimized with the Yoast SEO plugin v27.4 - https:\/\/yoast.com\/product\/yoast-seo-wordpress\/ -->\n<title>St. Patrick Regina brudkl\u00e4nning | Proms and Weddings<\/title>\n<meta name=\"description\" content=\"St. Patrick Regina \u00e4r en lyxig br\u00f6llopskl\u00e4nning med volumin\u00f6sa volanger och A-linjesiluett i mikado. F\u00f6r bruden som vill ha dramatik, elegans och wow-effekt.\" \/>\n<meta name=\"robots\" content=\"index, follow, max-snippet:-1, max-image-preview:large, max-video-preview:-1\" \/>\n<link rel=\"canonical\" href=\"https:\/\/promsandweddings.se\/dk\/vare\/st-patrick-regina-brudklanning\/\" \/>\n<meta property=\"og:locale\" content=\"da_DK\" \/>\n<meta property=\"og:type\" content=\"article\" \/>\n<meta property=\"og:title\" content=\"St. Patrick Regina brudkl\u00e4nning | Proms and Weddings\" \/>\n<meta property=\"og:description\" content=\"St. Patrick Regina \u00e4r en lyxig br\u00f6llopskl\u00e4nning med volumin\u00f6sa volanger och A-linjesiluett i mikado. F\u00f6r bruden som vill ha dramatik, elegans och wow-effekt.\" \/>\n<meta property=\"og:url\" content=\"https:\/\/promsandweddings.se\/dk\/vare\/st-patrick-regina-brudklanning\/\" \/>\n<meta property=\"og:site_name\" content=\"Proms and Weddings\" \/>\n<meta property=\"article:publisher\" content=\"https:\/\/www.facebook.com\/promsandweddings\" \/>\n<meta property=\"article:modified_time\" content=\"2026-03-15T22:33:40+00:00\" \/>\n<meta property=\"og:image\" content=\"https:\/\/promsandweddings.se\/wp-content\/uploads\/2026\/03\/regina-b-64e56fdb.jpg\" \/>\n\t<meta property=\"og:image:width\" content=\"1691\" \/>\n\t<meta property=\"og:image:height\" content=\"2255\" \/>\n\t<meta property=\"og:image:type\" content=\"image\/jpeg\" \/>\n<meta name=\"twitter:card\" content=\"summary_large_image\" \/>\n<meta name=\"twitter:site\" content=\"@PromsWeddings\" \/>\n<meta name=\"twitter:label1\" content=\"Estimeret l\u00e6setid\" \/>\n\t<meta name=\"twitter:data1\" content=\"1 minut\" \/>\n<script type=\"application\/ld+json\" class=\"yoast-schema-graph\">{\"@context\":\"https:\\\/\\\/schema.org\",\"@graph\":[{\"@type\":\"WebPage\",\"@id\":\"https:\\\/\\\/promsandweddings.se\\\/produkt\\\/st-patrick-regina-brudklanning\\\/\",\"url\":\"https:\\\/\\\/promsandweddings.se\\\/produkt\\\/st-patrick-regina-brudklanning\\\/\",\"name\":\"St. Patrick Regina brudkl\u00e4nning | Proms and Weddings\",\"isPartOf\":{\"@id\":\"https:\\\/\\\/promsandweddings.se\\\/#website\"},\"primaryImageOfPage\":{\"@id\":\"https:\\\/\\\/promsandweddings.se\\\/produkt\\\/st-patrick-regina-brudklanning\\\/#primaryimage\"},\"image\":{\"@id\":\"https:\\\/\\\/promsandweddings.se\\\/produkt\\\/st-patrick-regina-brudklanning\\\/#primaryimage\"},\"thumbnailUrl\":\"https:\\\/\\\/promsandweddings.se\\\/wp-content\\\/uploads\\\/2026\\\/03\\\/regina-b-64e56fdb.jpg\",\"datePublished\":\"2026-03-15T22:28:46+00:00\",\"dateModified\":\"2026-03-15T22:33:40+00:00\",\"description\":\"St. Patrick Regina \u00e4r en lyxig br\u00f6llopskl\u00e4nning med volumin\u00f6sa volanger och A-linjesiluett i mikado. F\u00f6r bruden som vill ha dramatik, elegans och wow-effekt.\",\"breadcrumb\":{\"@id\":\"https:\\\/\\\/promsandweddings.se\\\/produkt\\\/st-patrick-regina-brudklanning\\\/#breadcrumb\"},\"inLanguage\":\"da-DK\",\"potentialAction\":[{\"@type\":\"ReadAction\",\"target\":[\"https:\\\/\\\/promsandweddings.se\\\/produkt\\\/st-patrick-regina-brudklanning\\\/\"]}]},{\"@type\":\"ImageObject\",\"inLanguage\":\"da-DK\",\"@id\":\"https:\\\/\\\/promsandweddings.se\\\/produkt\\\/st-patrick-regina-brudklanning\\\/#primaryimage\",\"url\":\"https:\\\/\\\/promsandweddings.se\\\/wp-content\\\/uploads\\\/2026\\\/03\\\/regina-b-64e56fdb.jpg\",\"contentUrl\":\"https:\\\/\\\/promsandweddings.se\\\/wp-content\\\/uploads\\\/2026\\\/03\\\/regina-b-64e56fdb.jpg\",\"width\":1691,\"height\":2255},{\"@type\":\"BreadcrumbList\",\"@id\":\"https:\\\/\\\/promsandweddings.se\\\/produkt\\\/st-patrick-regina-brudklanning\\\/#breadcrumb\",\"itemListElement\":[{\"@type\":\"ListItem\",\"position\":1,\"name\":\"Home\",\"item\":\"https:\\\/\\\/promsandweddings.se\\\/\"},{\"@type\":\"ListItem\",\"position\":2,\"name\":\"Webshop\",\"item\":\"https:\\\/\\\/promsandweddings.se\\\/webshop\\\/\"},{\"@type\":\"ListItem\",\"position\":3,\"name\":\"St. Patrick Regina brudkl\u00e4nning\"}]},{\"@type\":\"WebSite\",\"@id\":\"https:\\\/\\\/promsandweddings.se\\\/#website\",\"url\":\"https:\\\/\\\/promsandweddings.se\\\/\",\"name\":\"Proms and Weddings\",\"description\":\"Hitta din dr\u00f6mkl\u00e4nning\",\"publisher\":{\"@id\":\"https:\\\/\\\/promsandweddings.se\\\/#organization\"},\"alternateName\":\"Proms & Weddings\",\"potentialAction\":[{\"@type\":\"SearchAction\",\"target\":{\"@type\":\"EntryPoint\",\"urlTemplate\":\"https:\\\/\\\/promsandweddings.se\\\/?s={search_term_string}\"},\"query-input\":{\"@type\":\"PropertyValueSpecification\",\"valueRequired\":true,\"valueName\":\"search_term_string\"}}],\"inLanguage\":\"da-DK\"},{\"@type\":\"Organization\",\"@id\":\"https:\\\/\\\/promsandweddings.se\\\/#organization\",\"name\":\"Proms & Weddings\",\"url\":\"https:\\\/\\\/promsandweddings.se\\\/\",\"logo\":{\"@type\":\"ImageObject\",\"inLanguage\":\"da-DK\",\"@id\":\"https:\\\/\\\/promsandweddings.se\\\/#\\\/schema\\\/logo\\\/image\\\/\",\"url\":\"https:\\\/\\\/promsandweddings.se\\\/wp-content\\\/uploads\\\/2026\\\/03\\\/pwlogosv-2-2.webp\",\"contentUrl\":\"https:\\\/\\\/promsandweddings.se\\\/wp-content\\\/uploads\\\/2026\\\/03\\\/pwlogosv-2-2.webp\",\"width\":556,\"height\":152,\"caption\":\"Proms & Weddings\"},\"image\":{\"@id\":\"https:\\\/\\\/promsandweddings.se\\\/#\\\/schema\\\/logo\\\/image\\\/\"},\"sameAs\":[\"https:\\\/\\\/www.facebook.com\\\/promsandweddings\",\"https:\\\/\\\/x.com\\\/PromsWeddings\",\"https:\\\/\\\/www.instagram.com\\\/promsandweddings\\\/\",\"https:\\\/\\\/www.youtube.com\\\/@promsandweddings\\\/shorts\",\"https:\\\/\\\/www.tiktok.com\\\/@promsandweddings\",\"https:\\\/\\\/se.pinterest.com\\\/promsandwedding\"]}]}<\/script>\n<!-- \/ Yoast SEO plugin. -->","yoast_head_json":{"title":"St. Patrick Regina brudekjole | Proms and Weddings","description":"St. Patrick Regina er en luksuri\u00f8s bryllupskjole med volumin\u00f8se fl\u00e6ser og A-linje-silhuet i mikado. For bruden, der \u00f8nsker dramatik, elegance og wow-effekt.","robots":{"index":"index","follow":"follow","max-snippet":"max-snippet:-1","max-image-preview":"max-image-preview:large","max-video-preview":"max-video-preview:-1"},"canonical":"https:\/\/promsandweddings.se\/dk\/vare\/st-patrick-regina-brudklanning\/","og_locale":"da_DK","og_type":"article","og_title":"St. Patrick Regina brudkl\u00e4nning | Proms and Weddings","og_description":"St. Patrick Regina \u00e4r en lyxig br\u00f6llopskl\u00e4nning med volumin\u00f6sa volanger och A-linjesiluett i mikado. F\u00f6r bruden som vill ha dramatik, elegans och wow-effekt.","og_url":"https:\/\/promsandweddings.se\/dk\/vare\/st-patrick-regina-brudklanning\/","og_site_name":"Proms and Weddings","article_publisher":"https:\/\/www.facebook.com\/promsandweddings","article_modified_time":"2026-03-15T22:33:40+00:00","og_image":[{"width":1691,"height":2255,"url":"https:\/\/promsandweddings.se\/wp-content\/uploads\/2026\/03\/regina-b-64e56fdb.jpg","type":"image\/jpeg"}],"twitter_card":"summary_large_image","twitter_site":"@PromsWeddings","twitter_misc":{"Estimeret l\u00e6setid":"1 minut"},"schema":{"@context":"https:\/\/schema.org","@graph":[{"@type":"WebPage","@id":"https:\/\/promsandweddings.se\/produkt\/st-patrick-regina-brudklanning\/","url":"https:\/\/promsandweddings.se\/produkt\/st-patrick-regina-brudklanning\/","name":"St. Patrick Regina brudekjole | Proms and Weddings","isPartOf":{"@id":"https:\/\/promsandweddings.se\/#website"},"primaryImageOfPage":{"@id":"https:\/\/promsandweddings.se\/produkt\/st-patrick-regina-brudklanning\/#primaryimage"},"image":{"@id":"https:\/\/promsandweddings.se\/produkt\/st-patrick-regina-brudklanning\/#primaryimage"},"thumbnailUrl":"https:\/\/promsandweddings.se\/wp-content\/uploads\/2026\/03\/regina-b-64e56fdb.jpg","datePublished":"2026-03-15T22:28:46+00:00","dateModified":"2026-03-15T22:33:40+00:00","description":"St. Patrick Regina er en luksuri\u00f8s bryllupskjole med volumin\u00f8se fl\u00e6ser og A-linje-silhuet i mikado. For bruden, der \u00f8nsker dramatik, elegance og wow-effekt.","breadcrumb":{"@id":"https:\/\/promsandweddings.se\/produkt\/st-patrick-regina-brudklanning\/#breadcrumb"},"inLanguage":"da-DK","potentialAction":[{"@type":"ReadAction","target":["https:\/\/promsandweddings.se\/produkt\/st-patrick-regina-brudklanning\/"]}]},{"@type":"ImageObject","inLanguage":"da-DK","@id":"https:\/\/promsandweddings.se\/produkt\/st-patrick-regina-brudklanning\/#primaryimage","url":"https:\/\/promsandweddings.se\/wp-content\/uploads\/2026\/03\/regina-b-64e56fdb.jpg","contentUrl":"https:\/\/promsandweddings.se\/wp-content\/uploads\/2026\/03\/regina-b-64e56fdb.jpg","width":1691,"height":2255},{"@type":"BreadcrumbList","@id":"https:\/\/promsandweddings.se\/produkt\/st-patrick-regina-brudklanning\/#breadcrumb","itemListElement":[{"@type":"ListItem","position":1,"name":"Home","item":"https:\/\/promsandweddings.se\/"},{"@type":"ListItem","position":2,"name":"Webshop","item":"https:\/\/promsandweddings.se\/webshop\/"},{"@type":"ListItem","position":3,"name":"St. Patrick Regina brudkl\u00e4nning"}]},{"@type":"WebSite","@id":"https:\/\/promsandweddings.se\/#website","url":"https:\/\/promsandweddings.se\/","name":"Proms and Weddings","description":"Find din dr\u00f8mmekjole","publisher":{"@id":"https:\/\/promsandweddings.se\/#organization"},"alternateName":"Proms & Weddings","potentialAction":[{"@type":"SearchAction","target":{"@type":"EntryPoint","urlTemplate":"https:\/\/promsandweddings.se\/?s={search_term_string}"},"query-input":{"@type":"PropertyValueSpecification","valueRequired":true,"valueName":"search_term_string"}}],"inLanguage":"da-DK"},{"@type":"Organization","@id":"https:\/\/promsandweddings.se\/#organization","name":"Proms &amp; Weddings","url":"https:\/\/promsandweddings.se\/","logo":{"@type":"ImageObject","inLanguage":"da-DK","@id":"https:\/\/promsandweddings.se\/#\/schema\/logo\/image\/","url":"https:\/\/promsandweddings.se\/wp-content\/uploads\/2026\/03\/pwlogosv-2-2.webp","contentUrl":"https:\/\/promsandweddings.se\/wp-content\/uploads\/2026\/03\/pwlogosv-2-2.webp","width":556,"height":152,"caption":"Proms & Weddings"},"image":{"@id":"https:\/\/promsandweddings.se\/#\/schema\/logo\/image\/"},"sameAs":["https:\/\/www.facebook.com\/promsandweddings","https:\/\/x.com\/PromsWeddings","https:\/\/www.instagram.com\/promsandweddings\/","https:\/\/www.youtube.com\/@promsandweddings\/shorts","https:\/\/www.tiktok.com\/@promsandweddings","https:\/\/se.pinterest.com\/promsandwedding"]}]}},"jetpack_sharing_enabled":true,"brands":[],"_links":{"self":[{"href":"https:\/\/promsandweddings.se\/dk\/wp-json\/wp\/v2\/product\/28158","targetHints":{"allow":["GET"]}}],"collection":[{"href":"https:\/\/promsandweddings.se\/dk\/wp-json\/wp\/v2\/product"}],"about":[{"href":"https:\/\/promsandweddings.se\/dk\/wp-json\/wp\/v2\/types\/product"}],"wp:featuredmedia":[{"embeddable":true,"href":"https:\/\/promsandweddings.se\/dk\/wp-json\/wp\/v2\/media\/28267"}],"wp:attachment":[{"href":"https:\/\/promsandweddings.se\/dk\/wp-json\/wp\/v2\/media?parent=28158"}],"wp:term":[{"taxonomy":"pwb-brand","embeddable":true,"href":"https:\/\/promsandweddings.se\/dk\/wp-json\/wp\/v2\/pwb-brand?post=28158"},{"taxonomy":"product_brand","embeddable":true,"href":"https:\/\/promsandweddings.se\/dk\/wp-json\/wp\/v2\/product_brand?post=28158"},{"taxonomy":"product_cat","embeddable":true,"href":"https:\/\/promsandweddings.se\/dk\/wp-json\/wp\/v2\/product_cat?post=28158"},{"taxonomy":"product_tag","embeddable":true,"href":"https:\/\/promsandweddings.se\/dk\/wp-json\/wp\/v2\/product_tag?post=28158"}],"curies":[{"name":"wp","href":"https:\/\/api.w.org\/{rel}","templated":true}]}}