{"id":28544,"date":"2026-03-15T23:44:51","date_gmt":"2026-03-15T22:44:51","guid":{"rendered":"https:\/\/promsandweddings.se\/?post_type=product&#038;p=28544"},"modified":"2026-03-15T23:47:42","modified_gmt":"2026-03-15T22:47:42","slug":"rosa-clara-victa-brudklanning","status":"publish","type":"product","link":"https:\/\/promsandweddings.se\/dk\/produkt\/rosa-clara-victa-brudklanning\/","title":{"rendered":"Rosa Clara Victa brudekjole"},"content":{"rendered":"<p data-start=\"129\" data-end=\"337\">Victa fra Rosa Clar\u00e1 er en brudekjole, der kombinerer tidl\u00f8s romantik med moderne couture. Den figursnuge silhuet fremh\u00e6ver brudens former og skaber en henrivende balance mellem elegance og sensualitet.<\/p>\n<p data-start=\"339\" data-end=\"624\">Kjolen har tynde axelb\u00e5nd og en dyb illusion-V-udsk\u00e6ring, der giver en feminin indrammelse. Livet er dekoreret med indviklede blonderaplikationer i blomsterm\u00f8nster, placeret for at forme og fremh\u00e6ve kroppen. De diskrete perledetaljer tilf\u00f8jer en f\u00f8lelse af luksus uden at overtage designet.<\/p>\n<p data-start=\"626\" data-end=\"921\">Fra taljen f\u00f8lger kjolen hofterne og g\u00e5r over i et svejfende sl\u00e6b i tyl. Sl\u00e6bet er rigt dekoreret med blonder, der bl\u00f8dt flyder ud over gulvet og forst\u00e6rker kjolens romantiske karakter. Den transparente struktur skaber en f\u00f8lelse af lethed, mens den bevarer en majest\u00e6tisk aura.<\/p>\n<p data-start=\"923\" data-end=\"1239\">Victa er perfekt for bruden, der \u00f8nsker et look, der virker b\u00e5de klassisk og samtidigt. Den fungerer lige godt til en pomp\u00f8s kirkevigsel som til en udend\u00f8rs ceremoni i solen. Takket v\u00e6re sit raffineret design kan den nemt kompletteres med sl\u00f8r, smykker eller andet tilbeh\u00f8r for at skabe en personlig og unik stil.<\/p>\n<p data-start=\"334\" data-end=\"694\">","protected":false},"excerpt":{"rendered":"<p><strong data-start=\"0\" data-end=\"9\" data-is-only-node=\"\">Victa<\/strong>\u00a0er en brudekjole fra\u00a0<strong data-start=\"38\" data-end=\"79\"><span class=\"hover:entity-accent entity-underline inline cursor-pointer align-baseline\"><span class=\"whitespace-normal\">Rosa Clar\u00e1<\/span><\/span><\/strong>.<br data-start=\"80\" data-end=\"83\" \/>En kraftfull och elegant br\u00f6llopskl\u00e4nning med tydlig silhuett och rena linjer som ger ett sj\u00e4lvs\u00e4kert, modernt uttryck. Victa k\u00e4nns sofistikerad och stilren \u2013 f\u00f6r bruden som vill ha skarp elegans med stark n\u00e4rvaro.<\/p>\n<div class=\"product attribute overview\">\n<div class=\"product attribute overview\">\n<p class=\"value\">\n<\/div>\n<h2 class=\"value\"><b style=\"font-size: 16px; font-style: italic;\">(K<\/b><i style=\"font-size: 16px;\"><b>ontakt os for sp\u00f8rgsm\u00e5l vedr\u00f8rende priser, booking osv.)<\/b><\/i><\/h2>\n<\/div>","protected":false},"featured_media":28657,"template":"","meta":[],"pwb-brand":[],"product_brand":[],"product_cat":[16,240,17],"product_tag":[167,25,22],"class_list":{"0":"post-28544","1":"product","2":"type-product","3":"status-publish","4":"has-post-thumbnail","6":"product_cat-klanningar","7":"product_cat-rosa-clara","8":"product_cat-brudklanningar","9":"product_tag-brollop","10":"product_tag-brollopsklanning","11":"product_tag-brudklanning","13":"first","14":"instock","15":"shipping-taxable","16":"product-type-simple"},"yoast_head":"<!-- This site is optimized with the Yoast SEO plugin v27.4 - https:\/\/yoast.com\/product\/yoast-seo-wordpress\/ -->\n<title>Victa Brudkl\u00e4nning \u2013 Rosa Clar\u00e1 | Figurn\u00e4ra spets &amp; tyllsl\u00e4p<\/title>\n<meta name=\"description\" content=\"Victa fr\u00e5n Rosa Clar\u00e1 \u2013 en figurn\u00e4ra brudkl\u00e4nning med spetsapplikationer, illusion-V-ringning och romantiskt tyllsl\u00e4p. Klassisk och modern p\u00e5 samma g\u00e5ng.\" \/>\n<meta name=\"robots\" content=\"index, follow, max-snippet:-1, max-image-preview:large, max-video-preview:-1\" \/>\n<link rel=\"canonical\" href=\"https:\/\/promsandweddings.se\/dk\/vare\/rosa-clara-victa-brudklanning\/\" \/>\n<meta property=\"og:locale\" content=\"da_DK\" \/>\n<meta property=\"og:type\" content=\"article\" \/>\n<meta property=\"og:title\" content=\"Victa Brudkl\u00e4nning \u2013 Rosa Clar\u00e1 | Figurn\u00e4ra spets &amp; tyllsl\u00e4p\" \/>\n<meta property=\"og:description\" content=\"Victa fr\u00e5n Rosa Clar\u00e1 \u2013 en figurn\u00e4ra brudkl\u00e4nning med spetsapplikationer, illusion-V-ringning och romantiskt tyllsl\u00e4p. Klassisk och modern p\u00e5 samma g\u00e5ng.\" \/>\n<meta property=\"og:url\" content=\"https:\/\/promsandweddings.se\/dk\/vare\/rosa-clara-victa-brudklanning\/\" \/>\n<meta property=\"og:site_name\" content=\"Proms and Weddings\" \/>\n<meta property=\"article:publisher\" content=\"https:\/\/www.facebook.com\/promsandweddings\" \/>\n<meta property=\"article:modified_time\" content=\"2026-03-15T22:47:42+00:00\" \/>\n<meta property=\"og:image\" content=\"https:\/\/promsandweddings.se\/wp-content\/uploads\/2026\/03\/1R27_VICTA_ROSA_CLARA_1.jpg\" \/>\n\t<meta property=\"og:image:width\" content=\"1536\" \/>\n\t<meta property=\"og:image:height\" content=\"1920\" \/>\n\t<meta property=\"og:image:type\" content=\"image\/jpeg\" \/>\n<meta name=\"twitter:card\" content=\"summary_large_image\" \/>\n<meta name=\"twitter:site\" content=\"@PromsWeddings\" \/>\n<meta name=\"twitter:label1\" content=\"Estimeret l\u00e6setid\" \/>\n\t<meta name=\"twitter:data1\" content=\"1 minut\" \/>\n<script type=\"application\/ld+json\" class=\"yoast-schema-graph\">{\"@context\":\"https:\\\/\\\/schema.org\",\"@graph\":[{\"@type\":\"WebPage\",\"@id\":\"https:\\\/\\\/promsandweddings.se\\\/produkt\\\/rosa-clara-victa-brudklanning\\\/\",\"url\":\"https:\\\/\\\/promsandweddings.se\\\/produkt\\\/rosa-clara-victa-brudklanning\\\/\",\"name\":\"Victa Brudkl\u00e4nning \u2013 Rosa Clar\u00e1 | Figurn\u00e4ra spets &amp; tyllsl\u00e4p\",\"isPartOf\":{\"@id\":\"https:\\\/\\\/promsandweddings.se\\\/#website\"},\"primaryImageOfPage\":{\"@id\":\"https:\\\/\\\/promsandweddings.se\\\/produkt\\\/rosa-clara-victa-brudklanning\\\/#primaryimage\"},\"image\":{\"@id\":\"https:\\\/\\\/promsandweddings.se\\\/produkt\\\/rosa-clara-victa-brudklanning\\\/#primaryimage\"},\"thumbnailUrl\":\"https:\\\/\\\/promsandweddings.se\\\/wp-content\\\/uploads\\\/2026\\\/03\\\/1R27_VICTA_ROSA_CLARA_1.jpg\",\"datePublished\":\"2026-03-15T22:44:51+00:00\",\"dateModified\":\"2026-03-15T22:47:42+00:00\",\"description\":\"Victa fr\u00e5n Rosa Clar\u00e1 \u2013 en figurn\u00e4ra brudkl\u00e4nning med spetsapplikationer, illusion-V-ringning och romantiskt tyllsl\u00e4p. Klassisk och modern p\u00e5 samma g\u00e5ng.\",\"breadcrumb\":{\"@id\":\"https:\\\/\\\/promsandweddings.se\\\/produkt\\\/rosa-clara-victa-brudklanning\\\/#breadcrumb\"},\"inLanguage\":\"da-DK\",\"potentialAction\":[{\"@type\":\"ReadAction\",\"target\":[\"https:\\\/\\\/promsandweddings.se\\\/produkt\\\/rosa-clara-victa-brudklanning\\\/\"]}]},{\"@type\":\"ImageObject\",\"inLanguage\":\"da-DK\",\"@id\":\"https:\\\/\\\/promsandweddings.se\\\/produkt\\\/rosa-clara-victa-brudklanning\\\/#primaryimage\",\"url\":\"https:\\\/\\\/promsandweddings.se\\\/wp-content\\\/uploads\\\/2026\\\/03\\\/1R27_VICTA_ROSA_CLARA_1.jpg\",\"contentUrl\":\"https:\\\/\\\/promsandweddings.se\\\/wp-content\\\/uploads\\\/2026\\\/03\\\/1R27_VICTA_ROSA_CLARA_1.jpg\",\"width\":1536,\"height\":1920},{\"@type\":\"BreadcrumbList\",\"@id\":\"https:\\\/\\\/promsandweddings.se\\\/produkt\\\/rosa-clara-victa-brudklanning\\\/#breadcrumb\",\"itemListElement\":[{\"@type\":\"ListItem\",\"position\":1,\"name\":\"Home\",\"item\":\"https:\\\/\\\/promsandweddings.se\\\/\"},{\"@type\":\"ListItem\",\"position\":2,\"name\":\"Webshop\",\"item\":\"https:\\\/\\\/promsandweddings.se\\\/webshop\\\/\"},{\"@type\":\"ListItem\",\"position\":3,\"name\":\"Rosa Clara Victa brudkl\u00e4nning\"}]},{\"@type\":\"WebSite\",\"@id\":\"https:\\\/\\\/promsandweddings.se\\\/#website\",\"url\":\"https:\\\/\\\/promsandweddings.se\\\/\",\"name\":\"Proms and Weddings\",\"description\":\"Hitta din dr\u00f6mkl\u00e4nning\",\"publisher\":{\"@id\":\"https:\\\/\\\/promsandweddings.se\\\/#organization\"},\"alternateName\":\"Proms & Weddings\",\"potentialAction\":[{\"@type\":\"SearchAction\",\"target\":{\"@type\":\"EntryPoint\",\"urlTemplate\":\"https:\\\/\\\/promsandweddings.se\\\/?s={search_term_string}\"},\"query-input\":{\"@type\":\"PropertyValueSpecification\",\"valueRequired\":true,\"valueName\":\"search_term_string\"}}],\"inLanguage\":\"da-DK\"},{\"@type\":\"Organization\",\"@id\":\"https:\\\/\\\/promsandweddings.se\\\/#organization\",\"name\":\"Proms & Weddings\",\"url\":\"https:\\\/\\\/promsandweddings.se\\\/\",\"logo\":{\"@type\":\"ImageObject\",\"inLanguage\":\"da-DK\",\"@id\":\"https:\\\/\\\/promsandweddings.se\\\/#\\\/schema\\\/logo\\\/image\\\/\",\"url\":\"https:\\\/\\\/promsandweddings.se\\\/wp-content\\\/uploads\\\/2026\\\/03\\\/pwlogosv-2-2.webp\",\"contentUrl\":\"https:\\\/\\\/promsandweddings.se\\\/wp-content\\\/uploads\\\/2026\\\/03\\\/pwlogosv-2-2.webp\",\"width\":556,\"height\":152,\"caption\":\"Proms & Weddings\"},\"image\":{\"@id\":\"https:\\\/\\\/promsandweddings.se\\\/#\\\/schema\\\/logo\\\/image\\\/\"},\"sameAs\":[\"https:\\\/\\\/www.facebook.com\\\/promsandweddings\",\"https:\\\/\\\/x.com\\\/PromsWeddings\",\"https:\\\/\\\/www.instagram.com\\\/promsandweddings\\\/\",\"https:\\\/\\\/www.youtube.com\\\/@promsandweddings\\\/shorts\",\"https:\\\/\\\/www.tiktok.com\\\/@promsandweddings\",\"https:\\\/\\\/se.pinterest.com\\\/promsandwedding\"]}]}<\/script>\n<!-- \/ Yoast SEO plugin. -->","yoast_head_json":{"title":"Victa Brudekjole \u2013 Rosa Clar\u00e1 | Figursnug blonder &amp; tylsl\u00e6b","description":"Victa fra Rosa Clar\u00e1 \u2013 en figursnug brudekjole med blonderaplikationer, illusion-V-udsk\u00e6ring og romantisk tylsl\u00e6b. Klassisk og moderne p\u00e5 samme tid.","robots":{"index":"index","follow":"follow","max-snippet":"max-snippet:-1","max-image-preview":"max-image-preview:large","max-video-preview":"max-video-preview:-1"},"canonical":"https:\/\/promsandweddings.se\/dk\/vare\/rosa-clara-victa-brudklanning\/","og_locale":"da_DK","og_type":"article","og_title":"Victa Brudkl\u00e4nning \u2013 Rosa Clar\u00e1 | Figurn\u00e4ra spets &amp; tyllsl\u00e4p","og_description":"Victa fr\u00e5n Rosa Clar\u00e1 \u2013 en figurn\u00e4ra brudkl\u00e4nning med spetsapplikationer, illusion-V-ringning och romantiskt tyllsl\u00e4p. Klassisk och modern p\u00e5 samma g\u00e5ng.","og_url":"https:\/\/promsandweddings.se\/dk\/vare\/rosa-clara-victa-brudklanning\/","og_site_name":"Proms and Weddings","article_publisher":"https:\/\/www.facebook.com\/promsandweddings","article_modified_time":"2026-03-15T22:47:42+00:00","og_image":[{"width":1536,"height":1920,"url":"https:\/\/promsandweddings.se\/wp-content\/uploads\/2026\/03\/1R27_VICTA_ROSA_CLARA_1.jpg","type":"image\/jpeg"}],"twitter_card":"summary_large_image","twitter_site":"@PromsWeddings","twitter_misc":{"Estimeret l\u00e6setid":"1 minut"},"schema":{"@context":"https:\/\/schema.org","@graph":[{"@type":"WebPage","@id":"https:\/\/promsandweddings.se\/produkt\/rosa-clara-victa-brudklanning\/","url":"https:\/\/promsandweddings.se\/produkt\/rosa-clara-victa-brudklanning\/","name":"Victa Brudekjole \u2013 Rosa Clar\u00e1 | Figursnug blonder &amp; tylsl\u00e6b","isPartOf":{"@id":"https:\/\/promsandweddings.se\/#website"},"primaryImageOfPage":{"@id":"https:\/\/promsandweddings.se\/produkt\/rosa-clara-victa-brudklanning\/#primaryimage"},"image":{"@id":"https:\/\/promsandweddings.se\/produkt\/rosa-clara-victa-brudklanning\/#primaryimage"},"thumbnailUrl":"https:\/\/promsandweddings.se\/wp-content\/uploads\/2026\/03\/1R27_VICTA_ROSA_CLARA_1.jpg","datePublished":"2026-03-15T22:44:51+00:00","dateModified":"2026-03-15T22:47:42+00:00","description":"Victa fra Rosa Clar\u00e1 \u2013 en figursnug brudekjole med blonderaplikationer, illusion-V-udsk\u00e6ring og romantisk tylsl\u00e6b. Klassisk og moderne p\u00e5 samme tid.","breadcrumb":{"@id":"https:\/\/promsandweddings.se\/produkt\/rosa-clara-victa-brudklanning\/#breadcrumb"},"inLanguage":"da-DK","potentialAction":[{"@type":"ReadAction","target":["https:\/\/promsandweddings.se\/produkt\/rosa-clara-victa-brudklanning\/"]}]},{"@type":"ImageObject","inLanguage":"da-DK","@id":"https:\/\/promsandweddings.se\/produkt\/rosa-clara-victa-brudklanning\/#primaryimage","url":"https:\/\/promsandweddings.se\/wp-content\/uploads\/2026\/03\/1R27_VICTA_ROSA_CLARA_1.jpg","contentUrl":"https:\/\/promsandweddings.se\/wp-content\/uploads\/2026\/03\/1R27_VICTA_ROSA_CLARA_1.jpg","width":1536,"height":1920},{"@type":"BreadcrumbList","@id":"https:\/\/promsandweddings.se\/produkt\/rosa-clara-victa-brudklanning\/#breadcrumb","itemListElement":[{"@type":"ListItem","position":1,"name":"Home","item":"https:\/\/promsandweddings.se\/"},{"@type":"ListItem","position":2,"name":"Webshop","item":"https:\/\/promsandweddings.se\/webshop\/"},{"@type":"ListItem","position":3,"name":"Rosa Clara Victa brudkl\u00e4nning"}]},{"@type":"WebSite","@id":"https:\/\/promsandweddings.se\/#website","url":"https:\/\/promsandweddings.se\/","name":"Proms and Weddings","description":"Find din dr\u00f8mmekjole","publisher":{"@id":"https:\/\/promsandweddings.se\/#organization"},"alternateName":"Proms & Weddings","potentialAction":[{"@type":"SearchAction","target":{"@type":"EntryPoint","urlTemplate":"https:\/\/promsandweddings.se\/?s={search_term_string}"},"query-input":{"@type":"PropertyValueSpecification","valueRequired":true,"valueName":"search_term_string"}}],"inLanguage":"da-DK"},{"@type":"Organization","@id":"https:\/\/promsandweddings.se\/#organization","name":"Proms &amp; Weddings","url":"https:\/\/promsandweddings.se\/","logo":{"@type":"ImageObject","inLanguage":"da-DK","@id":"https:\/\/promsandweddings.se\/#\/schema\/logo\/image\/","url":"https:\/\/promsandweddings.se\/wp-content\/uploads\/2026\/03\/pwlogosv-2-2.webp","contentUrl":"https:\/\/promsandweddings.se\/wp-content\/uploads\/2026\/03\/pwlogosv-2-2.webp","width":556,"height":152,"caption":"Proms & Weddings"},"image":{"@id":"https:\/\/promsandweddings.se\/#\/schema\/logo\/image\/"},"sameAs":["https:\/\/www.facebook.com\/promsandweddings","https:\/\/x.com\/PromsWeddings","https:\/\/www.instagram.com\/promsandweddings\/","https:\/\/www.youtube.com\/@promsandweddings\/shorts","https:\/\/www.tiktok.com\/@promsandweddings","https:\/\/se.pinterest.com\/promsandwedding"]}]}},"jetpack_sharing_enabled":true,"brands":[],"_links":{"self":[{"href":"https:\/\/promsandweddings.se\/dk\/wp-json\/wp\/v2\/product\/28544","targetHints":{"allow":["GET"]}}],"collection":[{"href":"https:\/\/promsandweddings.se\/dk\/wp-json\/wp\/v2\/product"}],"about":[{"href":"https:\/\/promsandweddings.se\/dk\/wp-json\/wp\/v2\/types\/product"}],"wp:featuredmedia":[{"embeddable":true,"href":"https:\/\/promsandweddings.se\/dk\/wp-json\/wp\/v2\/media\/28657"}],"wp:attachment":[{"href":"https:\/\/promsandweddings.se\/dk\/wp-json\/wp\/v2\/media?parent=28544"}],"wp:term":[{"taxonomy":"pwb-brand","embeddable":true,"href":"https:\/\/promsandweddings.se\/dk\/wp-json\/wp\/v2\/pwb-brand?post=28544"},{"taxonomy":"product_brand","embeddable":true,"href":"https:\/\/promsandweddings.se\/dk\/wp-json\/wp\/v2\/product_brand?post=28544"},{"taxonomy":"product_cat","embeddable":true,"href":"https:\/\/promsandweddings.se\/dk\/wp-json\/wp\/v2\/product_cat?post=28544"},{"taxonomy":"product_tag","embeddable":true,"href":"https:\/\/promsandweddings.se\/dk\/wp-json\/wp\/v2\/product_tag?post=28544"}],"curies":[{"name":"wp","href":"https:\/\/api.w.org\/{rel}","templated":true}]}}