{"id":28755,"date":"2026-03-15T23:51:12","date_gmt":"2026-03-15T22:51:12","guid":{"rendered":"https:\/\/promsandweddings.se\/?post_type=product&#038;p=28755"},"modified":"2026-04-04T09:52:29","modified_gmt":"2026-04-04T07:52:29","slug":"poirier-s75501-300-1-med","status":"publish","type":"product","link":"https:\/\/promsandweddings.se\/dk\/produkt\/poirier-s75501-300-1-med\/","title":{"rendered":"Poirier S75501-300\/1\/MED"},"content":{"rendered":"<p data-start=\"338\" data-end=\"631\"><strong data-start=\"338\" data-end=\"373\">S75501 &#8211; 300\/1\/MED fra Poirier<\/strong>\u00a0er en elegant og moderne brudesl\u00f8j, der l\u00f8fter ethvert brudelook med diskret glans. Den er fremstillet af bl\u00f8d, transparent tyl, som falder let og naturligt. Sl\u00f8jen er dekoreret med sm\u00e5 glimrende rhinsten, der fanger lyset p\u00e5 en smuk og subtil m\u00e5de.<\/p>\n<p data-start=\"633\" data-end=\"801\">Den mellemlange l\u00e6ngde g\u00f8r den nem at b\u00e6re og passer perfekt til b\u00e5de klassiske og moderne bryllupskjoler. Hver detalje bidrager til en f\u00f8lelse af tidl\u00f8s elegance.<\/p>","protected":false},"excerpt":{"rendered":"<p>Poirier S75501-300\/1\/MED<\/p>\n<p>Enkellagersl\u00f6ja i medium tyll.<br \/>\nUtsmyckad med paljetter och p\u00e4rlor..<br \/>\nL\u00e6ngde 300 cm<\/p>","protected":false},"featured_media":28795,"template":"","meta":[],"pwb-brand":[],"product_brand":[],"product_cat":[191,31,30],"product_tag":[192,193,34],"class_list":{"0":"post-28755","1":"product","2":"type-product","3":"status-publish","4":"has-post-thumbnail","6":"product_cat-poirier","7":"product_cat-slojor","8":"product_cat-tillbehor","9":"product_tag-300cm","10":"product_tag-poirier","11":"product_tag-sloja","13":"first","14":"instock","15":"shipping-taxable","16":"purchasable","17":"product-type-simple"},"yoast_head":"<!-- This site is optimized with the Yoast SEO plugin v27.4 - https:\/\/yoast.com\/product\/yoast-seo-wordpress\/ -->\n<title>Poirier S75501 Brudsl\u00f6ja \u2013 Elegant Sl\u00f6ja med Strasstenar<\/title>\n<meta name=\"description\" content=\"Uppt\u00e4ck S75501 fr\u00e5n Poirier \u2013 en elegant brudsl\u00f6ja i mjuk tyll med glittrande strasstenar f\u00f6r en romantisk och tidl\u00f6s brudlook.\" \/>\n<meta name=\"robots\" content=\"index, follow, max-snippet:-1, max-image-preview:large, max-video-preview:-1\" \/>\n<link rel=\"canonical\" href=\"https:\/\/promsandweddings.se\/dk\/vare\/poirier-s75501-300-1-med\/\" \/>\n<meta property=\"og:locale\" content=\"da_DK\" \/>\n<meta property=\"og:type\" content=\"article\" \/>\n<meta property=\"og:title\" content=\"Poirier S75501 Brudsl\u00f6ja \u2013 Elegant Sl\u00f6ja med Strasstenar\" \/>\n<meta property=\"og:description\" content=\"Uppt\u00e4ck S75501 fr\u00e5n Poirier \u2013 en elegant brudsl\u00f6ja i mjuk tyll med glittrande strasstenar f\u00f6r en romantisk och tidl\u00f6s brudlook.\" \/>\n<meta property=\"og:url\" content=\"https:\/\/promsandweddings.se\/dk\/vare\/poirier-s75501-300-1-med\/\" \/>\n<meta property=\"og:site_name\" content=\"Proms and Weddings\" \/>\n<meta property=\"article:publisher\" content=\"https:\/\/www.facebook.com\/promsandweddings\" \/>\n<meta property=\"article:modified_time\" content=\"2026-04-04T07:52:29+00:00\" \/>\n<meta property=\"og:image\" content=\"https:\/\/promsandweddings.se\/wp-content\/uploads\/2026\/03\/s75501-300-1-md_002_S75501-300_002_01.jpg\" \/>\n\t<meta property=\"og:image:width\" content=\"800\" \/>\n\t<meta property=\"og:image:height\" content=\"1067\" \/>\n\t<meta property=\"og:image:type\" content=\"image\/jpeg\" \/>\n<meta name=\"twitter:card\" content=\"summary_large_image\" \/>\n<meta name=\"twitter:site\" content=\"@PromsWeddings\" \/>\n<script type=\"application\/ld+json\" class=\"yoast-schema-graph\">{\"@context\":\"https:\\\/\\\/schema.org\",\"@graph\":[{\"@type\":\"WebPage\",\"@id\":\"https:\\\/\\\/promsandweddings.se\\\/produkt\\\/poirier-s75501-300-1-med\\\/\",\"url\":\"https:\\\/\\\/promsandweddings.se\\\/produkt\\\/poirier-s75501-300-1-med\\\/\",\"name\":\"Poirier S75501 Brudsl\u00f6ja \u2013 Elegant Sl\u00f6ja med Strasstenar\",\"isPartOf\":{\"@id\":\"https:\\\/\\\/promsandweddings.se\\\/#website\"},\"primaryImageOfPage\":{\"@id\":\"https:\\\/\\\/promsandweddings.se\\\/produkt\\\/poirier-s75501-300-1-med\\\/#primaryimage\"},\"image\":{\"@id\":\"https:\\\/\\\/promsandweddings.se\\\/produkt\\\/poirier-s75501-300-1-med\\\/#primaryimage\"},\"thumbnailUrl\":\"https:\\\/\\\/promsandweddings.se\\\/wp-content\\\/uploads\\\/2026\\\/03\\\/s75501-300-1-md_002_S75501-300_002_01.jpg\",\"datePublished\":\"2026-03-15T22:51:12+00:00\",\"dateModified\":\"2026-04-04T07:52:29+00:00\",\"description\":\"Uppt\u00e4ck S75501 fr\u00e5n Poirier \u2013 en elegant brudsl\u00f6ja i mjuk tyll med glittrande strasstenar f\u00f6r en romantisk och tidl\u00f6s brudlook.\",\"breadcrumb\":{\"@id\":\"https:\\\/\\\/promsandweddings.se\\\/produkt\\\/poirier-s75501-300-1-med\\\/#breadcrumb\"},\"inLanguage\":\"da-DK\",\"potentialAction\":[{\"@type\":\"ReadAction\",\"target\":[\"https:\\\/\\\/promsandweddings.se\\\/produkt\\\/poirier-s75501-300-1-med\\\/\"]}]},{\"@type\":\"ImageObject\",\"inLanguage\":\"da-DK\",\"@id\":\"https:\\\/\\\/promsandweddings.se\\\/produkt\\\/poirier-s75501-300-1-med\\\/#primaryimage\",\"url\":\"https:\\\/\\\/promsandweddings.se\\\/wp-content\\\/uploads\\\/2026\\\/03\\\/s75501-300-1-md_002_S75501-300_002_01.jpg\",\"contentUrl\":\"https:\\\/\\\/promsandweddings.se\\\/wp-content\\\/uploads\\\/2026\\\/03\\\/s75501-300-1-md_002_S75501-300_002_01.jpg\",\"width\":800,\"height\":1067},{\"@type\":\"BreadcrumbList\",\"@id\":\"https:\\\/\\\/promsandweddings.se\\\/produkt\\\/poirier-s75501-300-1-med\\\/#breadcrumb\",\"itemListElement\":[{\"@type\":\"ListItem\",\"position\":1,\"name\":\"Home\",\"item\":\"https:\\\/\\\/promsandweddings.se\\\/\"},{\"@type\":\"ListItem\",\"position\":2,\"name\":\"Webshop\",\"item\":\"https:\\\/\\\/promsandweddings.se\\\/webshop\\\/\"},{\"@type\":\"ListItem\",\"position\":3,\"name\":\"Poirier S75501-300\\\/1\\\/MED\"}]},{\"@type\":\"WebSite\",\"@id\":\"https:\\\/\\\/promsandweddings.se\\\/#website\",\"url\":\"https:\\\/\\\/promsandweddings.se\\\/\",\"name\":\"Proms and Weddings\",\"description\":\"Hitta din dr\u00f6mkl\u00e4nning\",\"publisher\":{\"@id\":\"https:\\\/\\\/promsandweddings.se\\\/#organization\"},\"alternateName\":\"Proms & Weddings\",\"potentialAction\":[{\"@type\":\"SearchAction\",\"target\":{\"@type\":\"EntryPoint\",\"urlTemplate\":\"https:\\\/\\\/promsandweddings.se\\\/?s={search_term_string}\"},\"query-input\":{\"@type\":\"PropertyValueSpecification\",\"valueRequired\":true,\"valueName\":\"search_term_string\"}}],\"inLanguage\":\"da-DK\"},{\"@type\":\"Organization\",\"@id\":\"https:\\\/\\\/promsandweddings.se\\\/#organization\",\"name\":\"Proms & Weddings\",\"url\":\"https:\\\/\\\/promsandweddings.se\\\/\",\"logo\":{\"@type\":\"ImageObject\",\"inLanguage\":\"da-DK\",\"@id\":\"https:\\\/\\\/promsandweddings.se\\\/#\\\/schema\\\/logo\\\/image\\\/\",\"url\":\"https:\\\/\\\/promsandweddings.se\\\/wp-content\\\/uploads\\\/2026\\\/03\\\/pwlogosv-2-2.webp\",\"contentUrl\":\"https:\\\/\\\/promsandweddings.se\\\/wp-content\\\/uploads\\\/2026\\\/03\\\/pwlogosv-2-2.webp\",\"width\":556,\"height\":152,\"caption\":\"Proms & Weddings\"},\"image\":{\"@id\":\"https:\\\/\\\/promsandweddings.se\\\/#\\\/schema\\\/logo\\\/image\\\/\"},\"sameAs\":[\"https:\\\/\\\/www.facebook.com\\\/promsandweddings\",\"https:\\\/\\\/x.com\\\/PromsWeddings\",\"https:\\\/\\\/www.instagram.com\\\/promsandweddings\\\/\",\"https:\\\/\\\/www.youtube.com\\\/@promsandweddings\\\/shorts\",\"https:\\\/\\\/www.tiktok.com\\\/@promsandweddings\",\"https:\\\/\\\/se.pinterest.com\\\/promsandwedding\"]}]}<\/script>\n<!-- \/ Yoast SEO plugin. -->","yoast_head_json":{"title":"Poirier S75501 Brudesl\u00f8j \u2013 Elegant Sl\u00f8j med Rhinsten","description":"Opdag S75501 fra Poirier \u2013 en elegant brudesl\u00f8j i bl\u00f8d tyl med glimrende rhinsten til et romantisk og tidl\u00f8st brudelook.","robots":{"index":"index","follow":"follow","max-snippet":"max-snippet:-1","max-image-preview":"max-image-preview:large","max-video-preview":"max-video-preview:-1"},"canonical":"https:\/\/promsandweddings.se\/dk\/vare\/poirier-s75501-300-1-med\/","og_locale":"da_DK","og_type":"article","og_title":"Poirier S75501 Brudsl\u00f6ja \u2013 Elegant Sl\u00f6ja med Strasstenar","og_description":"Uppt\u00e4ck S75501 fr\u00e5n Poirier \u2013 en elegant brudsl\u00f6ja i mjuk tyll med glittrande strasstenar f\u00f6r en romantisk och tidl\u00f6s brudlook.","og_url":"https:\/\/promsandweddings.se\/dk\/vare\/poirier-s75501-300-1-med\/","og_site_name":"Proms and Weddings","article_publisher":"https:\/\/www.facebook.com\/promsandweddings","article_modified_time":"2026-04-04T07:52:29+00:00","og_image":[{"width":800,"height":1067,"url":"https:\/\/promsandweddings.se\/wp-content\/uploads\/2026\/03\/s75501-300-1-md_002_S75501-300_002_01.jpg","type":"image\/jpeg"}],"twitter_card":"summary_large_image","twitter_site":"@PromsWeddings","schema":{"@context":"https:\/\/schema.org","@graph":[{"@type":"WebPage","@id":"https:\/\/promsandweddings.se\/produkt\/poirier-s75501-300-1-med\/","url":"https:\/\/promsandweddings.se\/produkt\/poirier-s75501-300-1-med\/","name":"Poirier S75501 Brudesl\u00f8j \u2013 Elegant Sl\u00f8j med Rhinsten","isPartOf":{"@id":"https:\/\/promsandweddings.se\/#website"},"primaryImageOfPage":{"@id":"https:\/\/promsandweddings.se\/produkt\/poirier-s75501-300-1-med\/#primaryimage"},"image":{"@id":"https:\/\/promsandweddings.se\/produkt\/poirier-s75501-300-1-med\/#primaryimage"},"thumbnailUrl":"https:\/\/promsandweddings.se\/wp-content\/uploads\/2026\/03\/s75501-300-1-md_002_S75501-300_002_01.jpg","datePublished":"2026-03-15T22:51:12+00:00","dateModified":"2026-04-04T07:52:29+00:00","description":"Opdag S75501 fra Poirier \u2013 en elegant brudesl\u00f8j i bl\u00f8d tyl med glimrende rhinsten til et romantisk og tidl\u00f8st brudelook.","breadcrumb":{"@id":"https:\/\/promsandweddings.se\/produkt\/poirier-s75501-300-1-med\/#breadcrumb"},"inLanguage":"da-DK","potentialAction":[{"@type":"ReadAction","target":["https:\/\/promsandweddings.se\/produkt\/poirier-s75501-300-1-med\/"]}]},{"@type":"ImageObject","inLanguage":"da-DK","@id":"https:\/\/promsandweddings.se\/produkt\/poirier-s75501-300-1-med\/#primaryimage","url":"https:\/\/promsandweddings.se\/wp-content\/uploads\/2026\/03\/s75501-300-1-md_002_S75501-300_002_01.jpg","contentUrl":"https:\/\/promsandweddings.se\/wp-content\/uploads\/2026\/03\/s75501-300-1-md_002_S75501-300_002_01.jpg","width":800,"height":1067},{"@type":"BreadcrumbList","@id":"https:\/\/promsandweddings.se\/produkt\/poirier-s75501-300-1-med\/#breadcrumb","itemListElement":[{"@type":"ListItem","position":1,"name":"Home","item":"https:\/\/promsandweddings.se\/"},{"@type":"ListItem","position":2,"name":"Webshop","item":"https:\/\/promsandweddings.se\/webshop\/"},{"@type":"ListItem","position":3,"name":"Poirier S75501-300\/1\/MED"}]},{"@type":"WebSite","@id":"https:\/\/promsandweddings.se\/#website","url":"https:\/\/promsandweddings.se\/","name":"Proms and Weddings","description":"Find din dr\u00f8mmekjole","publisher":{"@id":"https:\/\/promsandweddings.se\/#organization"},"alternateName":"Proms & Weddings","potentialAction":[{"@type":"SearchAction","target":{"@type":"EntryPoint","urlTemplate":"https:\/\/promsandweddings.se\/?s={search_term_string}"},"query-input":{"@type":"PropertyValueSpecification","valueRequired":true,"valueName":"search_term_string"}}],"inLanguage":"da-DK"},{"@type":"Organization","@id":"https:\/\/promsandweddings.se\/#organization","name":"Proms &amp; Weddings","url":"https:\/\/promsandweddings.se\/","logo":{"@type":"ImageObject","inLanguage":"da-DK","@id":"https:\/\/promsandweddings.se\/#\/schema\/logo\/image\/","url":"https:\/\/promsandweddings.se\/wp-content\/uploads\/2026\/03\/pwlogosv-2-2.webp","contentUrl":"https:\/\/promsandweddings.se\/wp-content\/uploads\/2026\/03\/pwlogosv-2-2.webp","width":556,"height":152,"caption":"Proms & Weddings"},"image":{"@id":"https:\/\/promsandweddings.se\/#\/schema\/logo\/image\/"},"sameAs":["https:\/\/www.facebook.com\/promsandweddings","https:\/\/x.com\/PromsWeddings","https:\/\/www.instagram.com\/promsandweddings\/","https:\/\/www.youtube.com\/@promsandweddings\/shorts","https:\/\/www.tiktok.com\/@promsandweddings","https:\/\/se.pinterest.com\/promsandwedding"]}]}},"jetpack_sharing_enabled":true,"brands":[],"_links":{"self":[{"href":"https:\/\/promsandweddings.se\/dk\/wp-json\/wp\/v2\/product\/28755","targetHints":{"allow":["GET"]}}],"collection":[{"href":"https:\/\/promsandweddings.se\/dk\/wp-json\/wp\/v2\/product"}],"about":[{"href":"https:\/\/promsandweddings.se\/dk\/wp-json\/wp\/v2\/types\/product"}],"wp:featuredmedia":[{"embeddable":true,"href":"https:\/\/promsandweddings.se\/dk\/wp-json\/wp\/v2\/media\/28795"}],"wp:attachment":[{"href":"https:\/\/promsandweddings.se\/dk\/wp-json\/wp\/v2\/media?parent=28755"}],"wp:term":[{"taxonomy":"pwb-brand","embeddable":true,"href":"https:\/\/promsandweddings.se\/dk\/wp-json\/wp\/v2\/pwb-brand?post=28755"},{"taxonomy":"product_brand","embeddable":true,"href":"https:\/\/promsandweddings.se\/dk\/wp-json\/wp\/v2\/product_brand?post=28755"},{"taxonomy":"product_cat","embeddable":true,"href":"https:\/\/promsandweddings.se\/dk\/wp-json\/wp\/v2\/product_cat?post=28755"},{"taxonomy":"product_tag","embeddable":true,"href":"https:\/\/promsandweddings.se\/dk\/wp-json\/wp\/v2\/product_tag?post=28755"}],"curies":[{"name":"wp","href":"https:\/\/api.w.org\/{rel}","templated":true}]}}